{"id":462,"date":"2023-05-11T17:04:49","date_gmt":"2023-05-11T20:04:49","guid":{"rendered":"https:\/\/anaisneodentcongress.com.br\/2023\/?page_id=462"},"modified":"2023-05-17T16:39:12","modified_gmt":"2023-05-17T19:39:12","slug":"a-definicao-da-posicao-da-margem-periodontal-e-peri-implantar-baseada-em-parametros-esteticos-da-face-e-do-sorriso","status":"publish","type":"page","link":"https:\/\/anaisneodentcongress.com.br\/2023\/a-definicao-da-posicao-da-margem-periodontal-e-peri-implantar-baseada-em-parametros-esteticos-da-face-e-do-sorriso\/","title":{"rendered":"A defini\u00e7\u00e3o da posi\u00e7\u00e3o da margem periodontal e peri-implantar baseada em par\u00e2metros est\u00e9ticos da face e do sorriso"},"content":{"rendered":"\t\t<div data-elementor-type=\"wp-page\" data-elementor-id=\"462\" class=\"elementor elementor-462\">\n\t\t\t\t\t\t\t<div class=\"elementor-element elementor-element-6aee2a93 e-con-full e-flex e-con\" data-id=\"6aee2a93\" data-element_type=\"container\" data-settings=\"{&quot;content_width&quot;:&quot;full&quot;,&quot;background_background&quot;:&quot;classic&quot;}\">\n\t\t<div class=\"elementor-element elementor-element-3bd70b05 e-con-full e-flex e-con\" data-id=\"3bd70b05\" data-element_type=\"container\" data-settings=\"{&quot;content_width&quot;:&quot;full&quot;}\">\n\t\t\t\t<\/div>\n\t\t<div class=\"elementor-element elementor-element-55b537e4 e-con-full e-flex e-con\" data-id=\"55b537e4\" data-element_type=\"container\" data-settings=\"{&quot;content_width&quot;:&quot;full&quot;,&quot;background_background&quot;:&quot;classic&quot;}\">\n\t\t<div class=\"elementor-element elementor-element-13c7524f e-con-boxed e-flex e-con\" data-id=\"13c7524f\" data-element_type=\"container\" data-settings=\"{&quot;content_width&quot;:&quot;boxed&quot;}\">\n\t\t\t\t\t<div class=\"e-con-inner\">\n\t\t\t\t<div class=\"elementor-element elementor-element-3d547dc3 elementor-widget elementor-widget-heading\" data-id=\"3d547dc3\" data-element_type=\"widget\" data-widget_type=\"heading.default\">\n\t\t\t\t<div class=\"elementor-widget-container\">\n\t\t\t<style>\/*! elementor - v3.13.2 - 11-05-2023 *\/\n.elementor-heading-title{padding:0;margin:0;line-height:1}.elementor-widget-heading .elementor-heading-title[class*=elementor-size-]>a{color:inherit;font-size:inherit;line-height:inherit}.elementor-widget-heading .elementor-heading-title.elementor-size-small{font-size:15px}.elementor-widget-heading .elementor-heading-title.elementor-size-medium{font-size:19px}.elementor-widget-heading .elementor-heading-title.elementor-size-large{font-size:29px}.elementor-widget-heading .elementor-heading-title.elementor-size-xl{font-size:39px}.elementor-widget-heading .elementor-heading-title.elementor-size-xxl{font-size:59px}<\/style><h2 class=\"elementor-heading-title elementor-size-default\"><a href=\"\/2023\/menu-neodent-caso-clinico\/\">Menu<\/a><\/h2>\t\t<\/div>\n\t\t\t\t<\/div>\n\t\t\t\t<div class=\"elementor-element elementor-element-d5a8d99 elementor-widget elementor-widget-heading\" data-id=\"d5a8d99\" data-element_type=\"widget\" data-widget_type=\"heading.default\">\n\t\t\t\t<div class=\"elementor-widget-container\">\n\t\t\t<h2 class=\"elementor-heading-title elementor-size-default\"><a href=\"\/2023\/menu-neodent-caso-clinico\/\">Neodent, Caso Cl\u00ednico<\/a><\/h2>\t\t<\/div>\n\t\t\t\t<\/div>\n\t\t\t\t\t<\/div>\n\t\t\t\t<\/div>\n\t\t<div class=\"elementor-element elementor-element-2589e3f6 e-con-boxed e-flex e-con\" data-id=\"2589e3f6\" data-element_type=\"container\" data-settings=\"{&quot;content_width&quot;:&quot;boxed&quot;}\">\n\t\t\t\t\t<div class=\"e-con-inner\">\n\t\t\t\t<div class=\"elementor-element elementor-element-64301959 elementor-widget elementor-widget-heading\" data-id=\"64301959\" data-element_type=\"widget\" data-widget_type=\"heading.default\">\n\t\t\t\t<div class=\"elementor-widget-container\">\n\t\t\t<h2 class=\"elementor-heading-title elementor-size-default\">A defini\u00e7\u00e3o da posi\u00e7\u00e3o da margem periodontal e peri-implantar baseada em par\u00e2metros est\u00e9ticos da face e do sorriso<\/h2>\t\t<\/div>\n\t\t\t\t<\/div>\n\t\t\t\t\t<\/div>\n\t\t\t\t<\/div>\n\t\t\t\t<div class=\"elementor-element elementor-element-21ad612b elementor-widget elementor-widget-text-editor\" data-id=\"21ad612b\" data-element_type=\"widget\" data-widget_type=\"text-editor.default\">\n\t\t\t\t<div class=\"elementor-widget-container\">\n\t\t\t<style>\/*! elementor - v3.13.2 - 11-05-2023 *\/\n.elementor-widget-text-editor.elementor-drop-cap-view-stacked .elementor-drop-cap{background-color:#69727d;color:#fff}.elementor-widget-text-editor.elementor-drop-cap-view-framed .elementor-drop-cap{color:#69727d;border:3px solid;background-color:transparent}.elementor-widget-text-editor:not(.elementor-drop-cap-view-default) .elementor-drop-cap{margin-top:8px}.elementor-widget-text-editor:not(.elementor-drop-cap-view-default) .elementor-drop-cap-letter{width:1em;height:1em}.elementor-widget-text-editor .elementor-drop-cap{float:left;text-align:center;line-height:1;font-size:50px}.elementor-widget-text-editor .elementor-drop-cap-letter{display:inline-block}<\/style>\t\t\t\t<p><span style=\"color: #e8307c;\"><strong>ID Trabalho:<\/strong> 1108844<\/span><\/p><p><strong>Autores: <\/strong>DENNIS MALTA GUIMARAES (ILAPEO &#8211; BELO HORIZONTE &#8211; MG &#8211; Brasil)<\/p><p><strong>Institui\u00e7\u00f5es dos autores:<\/strong> ILAPEO &#8211; BELO HORIZONTE &#8211; MG &#8211; Brasil<\/p><p><strong>Introdu\u00e7\u00e3o: <\/strong>A manipula\u00e7\u00e3o da margem gengival e peri-implantar na \u00e1rea est\u00e9tica est\u00e1 em evid\u00eancia e executa-la com previsibilidade e baseado em par\u00e2metros faciais e do sorriso \u00e9 sempre um desafio. O conhecimento da biologia tecidual e das refer\u00eancias anat\u00f4micas viabiliza um planejamento cir\u00fargico reprodut\u00edvel em busca da excel\u00eancia na \u00e1rea de transi\u00e7\u00e3o do rosa para o branco. T\u00e9cnicas para aumento de volume, recobrimento,\u00a0 aumento de coroa cl\u00ednica e condicionamento tecidual, muitas vezes acompanhadas do controle da mobilidade do l\u00e1bio, fazem parte do arsenal de tratamento.<\/p><p><strong>Relato do caso: <\/strong>Neste caso cl\u00ednico a paciente apresentava hipermobilidade do l\u00e1bio ao sorrir, discrep\u00e2ncia da posi\u00e7\u00e3o da margem gengival entre os dentes hom\u00f3logos al\u00e9m da insatisfa\u00e7\u00e3o com a posi\u00e7\u00e3o e anatomia dos dentes. Baseado numa tabela para definir a posi\u00e7\u00e3o da margem gengival (tais par\u00e2metros da execu\u00e7\u00e3o da tabela s\u00e3o descritos no artigo que foi publicado na JCRD.18(2)2021) buscamos o tratamento controlando a mobilidade do l\u00e1bio, aumentando a coroa cl\u00ednica e executando l\u00e2minas em cer\u00e2mica.<\/p><p><strong>Conclus\u00e3o ou considera\u00e7\u00f5es finais: <\/strong>Em setembro de 2022 fizemos o lan\u00e7amento do nosso livro: O Sorriso Gengival &#8211; diagn\u00f3stico e tratamento no ILAPEO durante um m\u00f3dulo do doutorado onde pude dar uma aula de 4 horas a respeito do tema, e o relato de caso descrito acima est\u00e1 embasado nesta obra.<\/p><p><strong>Palavras chave: <\/strong>manipula\u00e7\u00e3o da margem gengival, est\u00e9tica dental, osteotomia, gengivoplastia<\/p>\t\t\t\t\t\t<\/div>\n\t\t\t\t<\/div>\n\t\t\t\t<div class=\"elementor-element elementor-element-524e1fed elementor-widget elementor-widget-shortcode\" data-id=\"524e1fed\" data-element_type=\"widget\" data-widget_type=\"shortcode.default\">\n\t\t\t\t<div class=\"elementor-widget-container\">\n\t\t\t\t\t<div class=\"elementor-shortcode\"><a href=\"javascript:history.back(1)\" target=\"_self\"><img decoding=\"async\" src=\"..\/wp-content\/uploads\/2023\/05\/bot-voltar.png\" widht=\"103\" height=\"28\" border=\"0\"><\/a> <\/div>\n\t\t\t\t<\/div>\n\t\t\t\t<\/div>\n\t\t\t\t<\/div>\n\t\t<div class=\"elementor-element elementor-element-5f543744 e-con-full e-flex e-con\" data-id=\"5f543744\" data-element_type=\"container\" data-settings=\"{&quot;content_width&quot;:&quot;full&quot;}\">\n\t\t\t\t<\/div>\n\t\t\t\t<\/div>\n\t\t\t\t\t\t\t<\/div>\n\t\t","protected":false},"excerpt":{"rendered":"<p>Menu Neodent, Caso Cl\u00ednico A defini\u00e7\u00e3o da posi\u00e7\u00e3o da margem periodontal e peri-implantar baseada em par\u00e2metros est\u00e9ticos da face e do sorriso ID Trabalho: 1108844 Autores:<span class=\"excerpt-hellip\"> [\u2026]<\/span><\/p>\n","protected":false},"author":1,"featured_media":0,"parent":0,"menu_order":0,"comment_status":"closed","ping_status":"closed","template":"","meta":[],"_links":{"self":[{"href":"https:\/\/anaisneodentcongress.com.br\/2023\/wp-json\/wp\/v2\/pages\/462"}],"collection":[{"href":"https:\/\/anaisneodentcongress.com.br\/2023\/wp-json\/wp\/v2\/pages"}],"about":[{"href":"https:\/\/anaisneodentcongress.com.br\/2023\/wp-json\/wp\/v2\/types\/page"}],"author":[{"embeddable":true,"href":"https:\/\/anaisneodentcongress.com.br\/2023\/wp-json\/wp\/v2\/users\/1"}],"replies":[{"embeddable":true,"href":"https:\/\/anaisneodentcongress.com.br\/2023\/wp-json\/wp\/v2\/comments?post=462"}],"version-history":[{"count":7,"href":"https:\/\/anaisneodentcongress.com.br\/2023\/wp-json\/wp\/v2\/pages\/462\/revisions"}],"predecessor-version":[{"id":1551,"href":"https:\/\/anaisneodentcongress.com.br\/2023\/wp-json\/wp\/v2\/pages\/462\/revisions\/1551"}],"wp:attachment":[{"href":"https:\/\/anaisneodentcongress.com.br\/2023\/wp-json\/wp\/v2\/media?parent=462"}],"curies":[{"name":"wp","href":"https:\/\/api.w.org\/{rel}","templated":true}]}}