{"id":408,"date":"2023-05-11T16:10:13","date_gmt":"2023-05-11T19:10:13","guid":{"rendered":"https:\/\/anaisneodentcongress.com.br\/2023\/?page_id=408"},"modified":"2023-05-17T17:22:56","modified_gmt":"2023-05-17T20:22:56","slug":"reabilitacao-oral-podemos-ser-100-digitais","status":"publish","type":"page","link":"https:\/\/anaisneodentcongress.com.br\/2023\/reabilitacao-oral-podemos-ser-100-digitais\/","title":{"rendered":"Reabilita\u00e7\u00e3o Oral: podemos ser 100% digitais?"},"content":{"rendered":"\t\t<div data-elementor-type=\"wp-page\" data-elementor-id=\"408\" class=\"elementor elementor-408\">\n\t\t\t\t\t\t\t<div class=\"elementor-element elementor-element-3dc32627 e-con-full e-flex e-con\" data-id=\"3dc32627\" data-element_type=\"container\" data-settings=\"{&quot;content_width&quot;:&quot;full&quot;,&quot;background_background&quot;:&quot;classic&quot;}\">\n\t\t<div class=\"elementor-element elementor-element-7baf82e2 e-con-full e-flex e-con\" data-id=\"7baf82e2\" data-element_type=\"container\" data-settings=\"{&quot;content_width&quot;:&quot;full&quot;}\">\n\t\t\t\t<\/div>\n\t\t<div class=\"elementor-element elementor-element-70daac65 e-con-full e-flex e-con\" data-id=\"70daac65\" data-element_type=\"container\" data-settings=\"{&quot;content_width&quot;:&quot;full&quot;,&quot;background_background&quot;:&quot;classic&quot;}\">\n\t\t<div class=\"elementor-element elementor-element-4f9a6fe4 e-con-boxed e-flex e-con\" data-id=\"4f9a6fe4\" data-element_type=\"container\" data-settings=\"{&quot;content_width&quot;:&quot;boxed&quot;}\">\n\t\t\t\t\t<div class=\"e-con-inner\">\n\t\t\t\t<div class=\"elementor-element elementor-element-6262325e elementor-widget elementor-widget-heading\" data-id=\"6262325e\" data-element_type=\"widget\" data-widget_type=\"heading.default\">\n\t\t\t\t<div class=\"elementor-widget-container\">\n\t\t\t<style>\/*! elementor - v3.13.2 - 11-05-2023 *\/\n.elementor-heading-title{padding:0;margin:0;line-height:1}.elementor-widget-heading .elementor-heading-title[class*=elementor-size-]>a{color:inherit;font-size:inherit;line-height:inherit}.elementor-widget-heading .elementor-heading-title.elementor-size-small{font-size:15px}.elementor-widget-heading .elementor-heading-title.elementor-size-medium{font-size:19px}.elementor-widget-heading .elementor-heading-title.elementor-size-large{font-size:29px}.elementor-widget-heading .elementor-heading-title.elementor-size-xl{font-size:39px}.elementor-widget-heading .elementor-heading-title.elementor-size-xxl{font-size:59px}<\/style><h2 class=\"elementor-heading-title elementor-size-default\"><a href=\"\/2023\/menu-neodent-expertise\/\">Menu<\/a><\/h2>\t\t<\/div>\n\t\t\t\t<\/div>\n\t\t\t\t<div class=\"elementor-element elementor-element-ea92b26 elementor-widget elementor-widget-heading\" data-id=\"ea92b26\" data-element_type=\"widget\" data-widget_type=\"heading.default\">\n\t\t\t\t<div class=\"elementor-widget-container\">\n\t\t\t<h2 class=\"elementor-heading-title elementor-size-default\"><a href=\"\/2023\/menu-neodent-expertise\/\">Neodent, Expertise<\/a><\/h2>\t\t<\/div>\n\t\t\t\t<\/div>\n\t\t\t\t\t<\/div>\n\t\t\t\t<\/div>\n\t\t<div class=\"elementor-element elementor-element-565c66f9 e-con-boxed e-flex e-con\" data-id=\"565c66f9\" data-element_type=\"container\" data-settings=\"{&quot;content_width&quot;:&quot;boxed&quot;}\">\n\t\t\t\t\t<div class=\"e-con-inner\">\n\t\t\t\t<div class=\"elementor-element elementor-element-290a6ba8 elementor-widget elementor-widget-heading\" data-id=\"290a6ba8\" data-element_type=\"widget\" data-widget_type=\"heading.default\">\n\t\t\t\t<div class=\"elementor-widget-container\">\n\t\t\t<h2 class=\"elementor-heading-title elementor-size-default\">Reabilita\u00e7\u00e3o Oral: podemos ser 100% digitais?<\/h2>\t\t<\/div>\n\t\t\t\t<\/div>\n\t\t\t\t\t<\/div>\n\t\t\t\t<\/div>\n\t\t\t\t<div class=\"elementor-element elementor-element-61b27e0f elementor-widget elementor-widget-text-editor\" data-id=\"61b27e0f\" data-element_type=\"widget\" data-widget_type=\"text-editor.default\">\n\t\t\t\t<div class=\"elementor-widget-container\">\n\t\t\t<style>\/*! elementor - v3.13.2 - 11-05-2023 *\/\n.elementor-widget-text-editor.elementor-drop-cap-view-stacked .elementor-drop-cap{background-color:#69727d;color:#fff}.elementor-widget-text-editor.elementor-drop-cap-view-framed .elementor-drop-cap{color:#69727d;border:3px solid;background-color:transparent}.elementor-widget-text-editor:not(.elementor-drop-cap-view-default) .elementor-drop-cap{margin-top:8px}.elementor-widget-text-editor:not(.elementor-drop-cap-view-default) .elementor-drop-cap-letter{width:1em;height:1em}.elementor-widget-text-editor .elementor-drop-cap{float:left;text-align:center;line-height:1;font-size:50px}.elementor-widget-text-editor .elementor-drop-cap-letter{display:inline-block}<\/style>\t\t\t\t<p><span style=\"color: #e8307c;\"><strong>ID Trabalho:<\/strong> 1108806<\/span><\/p><p><strong>Autores: <\/strong>RICARDO PASSADORE (FAPES &#8211; S\u00c3O PAULO &#8211; SP &#8211; Brasil)<\/p><p><strong>Institui\u00e7\u00f5es dos autores:<\/strong> FAPES &#8211; S\u00c3O PAULO &#8211; SP &#8211; Brasil<\/p><p><strong>Introdu\u00e7\u00e3o: <\/strong>Quando vemos os nossos escaneamentos registrando uma nova dimens\u00e3o vertical e rela\u00e7\u00e3o c\u00eantrica fisiol\u00f3gicas, por n\u00f3s estabelecida, podemos pensar; \u201cser\u00e1 que as novas pr\u00f3teses que ocupar\u00e3o este espa\u00e7o estar\u00e3o harmoniosas com o sistema mastigat\u00f3rio?\u201d Uma outra quest\u00e3o; &#8220;ser\u00e1 que sempre precisaremos remover os dentes superiores anteriores do paciente para fazer protocolos, com ou sem a t\u00e9cnica digital, alegando que, se eu n\u00e3o tirar e colocar implantes no \u00fanico local que tem osso na maxila, inevitavelmente estes dentes ir\u00e3o se perder e levar consigo o pouco osso que resta. Dentes abalados enrijecem! Quando devolvemos dimens\u00e3o vertical, rela\u00e7\u00e3o c\u00eantrica e as curvas m\u00e9dias de compensa\u00e7\u00e3o, conseguimos assim reestabelecer a prote\u00e7\u00e3o m\u00fatua. Portanto temos que colocar implantes posteriores a qualquer custo e ativa-los o mais r\u00e1pido poss\u00edvel, evitando assim mais perdas dent\u00e1rias. Podemos por exemplo colocar implantes no alv\u00e9olo palatino, no osso pterig\u00f3ideo, fazer expans\u00e3o em osso atr\u00f3fico ou \u00f3sseodensifica\u00e7\u00e3o etc. Podemos tamb\u00e9m lan\u00e7ar m\u00e3o de implantes curtos tipo WS. Enfim, impedir que os dentes anteriores tentem segurar a dimens\u00e3o vertical pois n\u00e3o foram feitos para isso. Ciente desta realidade vamos ter tamb\u00e9m reabilita\u00e7\u00f5es muito est\u00e9ticas e funcionais com a ajuda das ferramentas digitais, aproveitando pelo menos os dentes anteriores do paciente, e esses por sua vez, conversando com o c\u00e9rebro.<\/p><p><strong>Relato do caso: <\/strong>Como podemos enrijecer dentes anteriores abalados em uma reabilita\u00e7\u00e3o oral com o aux\u00edlio da ferramenta digital.<\/p><p><strong>Conclus\u00e3o ou considera\u00e7\u00f5es finais: <\/strong>Lembre-se, o melhor tratamento para o seu paciente \u00e9 aquele que gostaria que fosse feito para voc\u00ea.<\/p><p><strong>Palavras chave: <\/strong>IMPLANTE DIGITAL REABILITA\u00c7\u00c3O ORAL DENTE<\/p>\t\t\t\t\t\t<\/div>\n\t\t\t\t<\/div>\n\t\t\t\t<div class=\"elementor-element elementor-element-33d86a23 elementor-widget elementor-widget-shortcode\" data-id=\"33d86a23\" data-element_type=\"widget\" data-widget_type=\"shortcode.default\">\n\t\t\t\t<div class=\"elementor-widget-container\">\n\t\t\t\t\t<div class=\"elementor-shortcode\"><a href=\"javascript:history.back(1)\" target=\"_self\"><img decoding=\"async\" src=\"..\/wp-content\/uploads\/2023\/05\/bot-voltar.png\" widht=\"103\" height=\"28\" border=\"0\"><\/a> <\/div>\n\t\t\t\t<\/div>\n\t\t\t\t<\/div>\n\t\t\t\t<\/div>\n\t\t<div class=\"elementor-element elementor-element-2b943c6 e-con-full e-flex e-con\" data-id=\"2b943c6\" data-element_type=\"container\" data-settings=\"{&quot;content_width&quot;:&quot;full&quot;}\">\n\t\t\t\t<\/div>\n\t\t\t\t<\/div>\n\t\t\t\t\t\t\t<\/div>\n\t\t","protected":false},"excerpt":{"rendered":"<p>Menu Neodent, Expertise Reabilita\u00e7\u00e3o Oral: podemos ser 100% digitais? ID Trabalho: 1108806 Autores: RICARDO PASSADORE (FAPES &#8211; S\u00c3O PAULO &#8211; SP &#8211; Brasil) Institui\u00e7\u00f5es dos autores:<span class=\"excerpt-hellip\"> [\u2026]<\/span><\/p>\n","protected":false},"author":1,"featured_media":0,"parent":0,"menu_order":0,"comment_status":"closed","ping_status":"closed","template":"","meta":[],"_links":{"self":[{"href":"https:\/\/anaisneodentcongress.com.br\/2023\/wp-json\/wp\/v2\/pages\/408"}],"collection":[{"href":"https:\/\/anaisneodentcongress.com.br\/2023\/wp-json\/wp\/v2\/pages"}],"about":[{"href":"https:\/\/anaisneodentcongress.com.br\/2023\/wp-json\/wp\/v2\/types\/page"}],"author":[{"embeddable":true,"href":"https:\/\/anaisneodentcongress.com.br\/2023\/wp-json\/wp\/v2\/users\/1"}],"replies":[{"embeddable":true,"href":"https:\/\/anaisneodentcongress.com.br\/2023\/wp-json\/wp\/v2\/comments?post=408"}],"version-history":[{"count":14,"href":"https:\/\/anaisneodentcongress.com.br\/2023\/wp-json\/wp\/v2\/pages\/408\/revisions"}],"predecessor-version":[{"id":1674,"href":"https:\/\/anaisneodentcongress.com.br\/2023\/wp-json\/wp\/v2\/pages\/408\/revisions\/1674"}],"wp:attachment":[{"href":"https:\/\/anaisneodentcongress.com.br\/2023\/wp-json\/wp\/v2\/media?parent=408"}],"curies":[{"name":"wp","href":"https:\/\/api.w.org\/{rel}","templated":true}]}}