{"id":362,"date":"2023-05-11T15:11:33","date_gmt":"2023-05-11T18:11:33","guid":{"rendered":"https:\/\/anaisneodentcongress.com.br\/2023\/?page_id=362"},"modified":"2023-05-17T16:52:49","modified_gmt":"2023-05-17T19:52:49","slug":"carga-imediata-posterior-com-sistema-de-implantes-de-zirconia-de-duas-pecas-relato-de-caso","status":"publish","type":"page","link":"https:\/\/anaisneodentcongress.com.br\/2023\/carga-imediata-posterior-com-sistema-de-implantes-de-zirconia-de-duas-pecas-relato-de-caso\/","title":{"rendered":"Carga imediata posterior com sistema de implantes de zirc\u00f4nia de duas pe\u00e7as: relato de caso"},"content":{"rendered":"\t\t<div data-elementor-type=\"wp-page\" data-elementor-id=\"362\" class=\"elementor elementor-362\">\n\t\t\t\t\t\t\t<div class=\"elementor-element elementor-element-10b6bcb2 e-con-full e-flex e-con\" data-id=\"10b6bcb2\" data-element_type=\"container\" data-settings=\"{&quot;content_width&quot;:&quot;full&quot;,&quot;background_background&quot;:&quot;classic&quot;}\">\n\t\t<div class=\"elementor-element elementor-element-602c2c11 e-con-full e-flex e-con\" data-id=\"602c2c11\" data-element_type=\"container\" data-settings=\"{&quot;content_width&quot;:&quot;full&quot;}\">\n\t\t\t\t<\/div>\n\t\t<div class=\"elementor-element elementor-element-64ce0268 e-con-full e-flex e-con\" data-id=\"64ce0268\" data-element_type=\"container\" data-settings=\"{&quot;content_width&quot;:&quot;full&quot;,&quot;background_background&quot;:&quot;classic&quot;}\">\n\t\t<div class=\"elementor-element elementor-element-3d486957 e-con-boxed e-flex e-con\" data-id=\"3d486957\" data-element_type=\"container\" data-settings=\"{&quot;content_width&quot;:&quot;boxed&quot;}\">\n\t\t\t\t\t<div class=\"e-con-inner\">\n\t\t\t\t<div class=\"elementor-element elementor-element-58ef0ed6 elementor-widget elementor-widget-heading\" data-id=\"58ef0ed6\" data-element_type=\"widget\" data-widget_type=\"heading.default\">\n\t\t\t\t<div class=\"elementor-widget-container\">\n\t\t\t<style>\/*! elementor - v3.13.2 - 11-05-2023 *\/\n.elementor-heading-title{padding:0;margin:0;line-height:1}.elementor-widget-heading .elementor-heading-title[class*=elementor-size-]>a{color:inherit;font-size:inherit;line-height:inherit}.elementor-widget-heading .elementor-heading-title.elementor-size-small{font-size:15px}.elementor-widget-heading .elementor-heading-title.elementor-size-medium{font-size:19px}.elementor-widget-heading .elementor-heading-title.elementor-size-large{font-size:29px}.elementor-widget-heading .elementor-heading-title.elementor-size-xl{font-size:39px}.elementor-widget-heading .elementor-heading-title.elementor-size-xxl{font-size:59px}<\/style><h2 class=\"elementor-heading-title elementor-size-default\"><a href=\"\/2023\/menu-neodent-caso-clinico\/\">Menu<\/a><\/h2>\t\t<\/div>\n\t\t\t\t<\/div>\n\t\t\t\t<div class=\"elementor-element elementor-element-760219f4 elementor-widget elementor-widget-heading\" data-id=\"760219f4\" data-element_type=\"widget\" data-widget_type=\"heading.default\">\n\t\t\t\t<div class=\"elementor-widget-container\">\n\t\t\t<h2 class=\"elementor-heading-title elementor-size-default\"><a href=\"\/2023\/menu-neodent-caso-clinico\/\">Neodent, Caso Cl\u00ednico<\/a><\/h2>\t\t<\/div>\n\t\t\t\t<\/div>\n\t\t\t\t\t<\/div>\n\t\t\t\t<\/div>\n\t\t<div class=\"elementor-element elementor-element-ea43430 e-con-boxed e-flex e-con\" data-id=\"ea43430\" data-element_type=\"container\" data-settings=\"{&quot;content_width&quot;:&quot;boxed&quot;}\">\n\t\t\t\t\t<div class=\"e-con-inner\">\n\t\t\t\t<div class=\"elementor-element elementor-element-7bad67cc elementor-widget elementor-widget-heading\" data-id=\"7bad67cc\" data-element_type=\"widget\" data-widget_type=\"heading.default\">\n\t\t\t\t<div class=\"elementor-widget-container\">\n\t\t\t<h2 class=\"elementor-heading-title elementor-size-default\">Carga imediata posterior com sistema de implantes de zirc\u00f4nia de duas pe\u00e7as: relato de caso<\/h2>\t\t<\/div>\n\t\t\t\t<\/div>\n\t\t\t\t\t<\/div>\n\t\t\t\t<\/div>\n\t\t\t\t<div class=\"elementor-element elementor-element-1a42b5a9 elementor-widget elementor-widget-text-editor\" data-id=\"1a42b5a9\" data-element_type=\"widget\" data-widget_type=\"text-editor.default\">\n\t\t\t\t<div class=\"elementor-widget-container\">\n\t\t\t<style>\/*! elementor - v3.13.2 - 11-05-2023 *\/\n.elementor-widget-text-editor.elementor-drop-cap-view-stacked .elementor-drop-cap{background-color:#69727d;color:#fff}.elementor-widget-text-editor.elementor-drop-cap-view-framed .elementor-drop-cap{color:#69727d;border:3px solid;background-color:transparent}.elementor-widget-text-editor:not(.elementor-drop-cap-view-default) .elementor-drop-cap{margin-top:8px}.elementor-widget-text-editor:not(.elementor-drop-cap-view-default) .elementor-drop-cap-letter{width:1em;height:1em}.elementor-widget-text-editor .elementor-drop-cap{float:left;text-align:center;line-height:1;font-size:50px}.elementor-widget-text-editor .elementor-drop-cap-letter{display:inline-block}<\/style>\t\t\t\t<p><span style=\"color: #e8307c;\"><strong>ID Trabalho:<\/strong> 1108823<\/span><\/p><p><strong>Autores: <\/strong>Alexandre Marques Paes\u00a0\u00a0 Siva (UERJ &#8211; Rio de Janeiro &#8211; RJ &#8211; Brasil), Dennis de Carvalho\u00a0 Ferreira (Unesa-RJ &#8211; Rio de Janeiro &#8211; RJ &#8211; Brasil), Estev\u00e3o Ribeiro Milanos (SobreImplantes &#8211; Rio de Janeiro &#8211; RJ &#8211; Brasil), Francisco\u00a0 Augusto Horta\u00a0 dos Santos (UVA &#8211; RJ &#8211; Rio de Janeiro &#8211; RJ &#8211; Brasil), Daniel de Moraes\u00a0 Telles (UERJ &#8211; Rio de Janeiro &#8211; RJ &#8211; Brasil), Eduardo\u00a0 Jos\u00e9 Veras Louren\u00e7o (UERJ &#8211; Rio de Janeiro &#8211; RJ &#8211; Brasil)<\/p><p><strong>Institui\u00e7\u00f5es dos autores:<\/strong> SobreImplantes &#8211; Rio de Janeiro &#8211; RJ &#8211; Brasil,UERJ &#8211; Rio de Janeiro &#8211; RJ &#8211; Brasil,Unesa-RJ &#8211; Rio de Janeiro &#8211; RJ &#8211; Brasil,UVA &#8211; RJ &#8211; Rio de Janeiro &#8211; RJ &#8211; Brasil<\/p><p><strong>Autorizo a entidade promotora a publicar meu resumo em m\u00eddia impressa e eletr\u00f4nica: <\/strong>Sim<\/p><p><strong>Introdu\u00e7\u00e3o: <\/strong>Avan\u00e7os significativos dos materiais dent\u00e1rios tornaram a zirc\u00f4nia em um material atraente no campo da implantodontia como um poss\u00edvel substituto ao tit\u00e2nio. Nesse sentido, a zirc\u00f4nia estabilizada com \u00edtria destaca-se por exibir propriedades mec\u00e2nicas apropriadas, com alta resist\u00eancia \u00e0 flex\u00e3o e tenacidade \u00e0 fratura, sendo capaz de resistir \u00e0s for\u00e7as mastigat\u00f3rias (CAAE: 60496822.7.0000.5259).<\/p><p><strong>Relato de caso:<\/strong> Mulher, 42 anos, com hist\u00f3rico de dor no primeiro molar esquerdo superior. Ao exame cl\u00ednico observou-se pouca estrutura coron\u00e1ria, com presen\u00e7a de les\u00e3o cariosa e tra\u00e7o sugestivo de fratura que se estendia \u00e0 n\u00edvel radicular. A tomografia confirmou a fratura e a exodontia foi indicada. As ra\u00edzes do elemento 16 foram seccionadas e a exodontia realizada de maneira atraum\u00e1tica. Um implante de zirc\u00f4nia 4.3x13mm foi instalado no septo (n\u00edvel \u00f3sseo) com torque de inser\u00e7\u00e3o de 45Ncm, seguido pelo preenchimento do alv\u00e9olo com substituto \u00f3sseo Maxresorb\u00ae (Straumann\u00ae). Um Pilar CR de zirc\u00f4nia (4,5&#215;5,0x2,5mm) foi instalado no local e uma provis\u00f3ria imediata de resina fotopolimeriz\u00e1vel confeccionada e fixada sobre o mesmo. Ap\u00f3s tr\u00eas meses, paciente retornou para confec\u00e7\u00e3o do trabalho definitivo (dissilicato de l\u00edtio). Em 8 meses, observou-se estabilidade dos tecidos moles e duros.<\/p><p><strong>Conclus\u00e3o ou considera\u00e7\u00f5es finais:<\/strong> O sistema de implantes de zirc\u00f4nia de duas utilizado no presente estudo, mostrou-se seguro e confi\u00e1vel para reabilita\u00e7\u00e3o de dentes posteriores unit\u00e1rios, n\u00e3o apresentando nenhuma complica\u00e7\u00e3o cl\u00ednica e biol\u00f3gica ao longo de 8 meses de acompanhamento.<\/p><p><strong>Palavras chave:<\/strong> Implantes de duas pe\u00e7as: Implantes cer\u00e2micos; Carga imediata<\/p>\t\t\t\t\t\t<\/div>\n\t\t\t\t<\/div>\n\t\t\t\t<div class=\"elementor-element elementor-element-3bdae483 elementor-widget elementor-widget-shortcode\" data-id=\"3bdae483\" data-element_type=\"widget\" data-widget_type=\"shortcode.default\">\n\t\t\t\t<div class=\"elementor-widget-container\">\n\t\t\t\t\t<div class=\"elementor-shortcode\"><a href=\"javascript:history.back(1)\" target=\"_self\"><img decoding=\"async\" src=\"..\/wp-content\/uploads\/2023\/05\/bot-voltar.png\" widht=\"103\" height=\"28\" border=\"0\"><\/a> <\/div>\n\t\t\t\t<\/div>\n\t\t\t\t<\/div>\n\t\t\t\t<\/div>\n\t\t<div class=\"elementor-element elementor-element-3da20ba8 e-con-full e-flex e-con\" data-id=\"3da20ba8\" data-element_type=\"container\" data-settings=\"{&quot;content_width&quot;:&quot;full&quot;}\">\n\t\t\t\t<\/div>\n\t\t\t\t<\/div>\n\t\t\t\t\t\t\t<\/div>\n\t\t","protected":false},"excerpt":{"rendered":"<p>Menu Neodent, Caso Cl\u00ednico Carga imediata posterior com sistema de implantes de zirc\u00f4nia de duas pe\u00e7as: relato de caso ID Trabalho: 1108823 Autores: Alexandre Marques Paes\u00a0\u00a0<span class=\"excerpt-hellip\"> [\u2026]<\/span><\/p>\n","protected":false},"author":1,"featured_media":0,"parent":0,"menu_order":0,"comment_status":"closed","ping_status":"closed","template":"","meta":[],"_links":{"self":[{"href":"https:\/\/anaisneodentcongress.com.br\/2023\/wp-json\/wp\/v2\/pages\/362"}],"collection":[{"href":"https:\/\/anaisneodentcongress.com.br\/2023\/wp-json\/wp\/v2\/pages"}],"about":[{"href":"https:\/\/anaisneodentcongress.com.br\/2023\/wp-json\/wp\/v2\/types\/page"}],"author":[{"embeddable":true,"href":"https:\/\/anaisneodentcongress.com.br\/2023\/wp-json\/wp\/v2\/users\/1"}],"replies":[{"embeddable":true,"href":"https:\/\/anaisneodentcongress.com.br\/2023\/wp-json\/wp\/v2\/comments?post=362"}],"version-history":[{"count":10,"href":"https:\/\/anaisneodentcongress.com.br\/2023\/wp-json\/wp\/v2\/pages\/362\/revisions"}],"predecessor-version":[{"id":1584,"href":"https:\/\/anaisneodentcongress.com.br\/2023\/wp-json\/wp\/v2\/pages\/362\/revisions\/1584"}],"wp:attachment":[{"href":"https:\/\/anaisneodentcongress.com.br\/2023\/wp-json\/wp\/v2\/media?parent=362"}],"curies":[{"name":"wp","href":"https:\/\/api.w.org\/{rel}","templated":true}]}}