{"id":320,"date":"2023-05-11T14:53:20","date_gmt":"2023-05-11T17:53:20","guid":{"rendered":"https:\/\/anaisneodentcongress.com.br\/2023\/?page_id=320"},"modified":"2023-05-17T17:25:03","modified_gmt":"2023-05-17T20:25:03","slug":"reconstrucao-de-pre-maxila-atrofica-com-uso-de-biomaterial-osso-autogeno-e-prf","status":"publish","type":"page","link":"https:\/\/anaisneodentcongress.com.br\/2023\/reconstrucao-de-pre-maxila-atrofica-com-uso-de-biomaterial-osso-autogeno-e-prf\/","title":{"rendered":"Reconstru\u00e7\u00e3o de Pr\u00e9-Maxila atr\u00f3fica com uso de biomaterial, osso aut\u00f3geno e PRF"},"content":{"rendered":"\t\t<div data-elementor-type=\"wp-page\" data-elementor-id=\"320\" class=\"elementor elementor-320\">\n\t\t\t\t\t\t\t<div class=\"elementor-element elementor-element-2ce73bfd e-con-full e-flex e-con\" data-id=\"2ce73bfd\" data-element_type=\"container\" data-settings=\"{&quot;content_width&quot;:&quot;full&quot;,&quot;background_background&quot;:&quot;classic&quot;}\">\n\t\t<div class=\"elementor-element elementor-element-1ec1c316 e-con-full e-flex e-con\" data-id=\"1ec1c316\" data-element_type=\"container\" data-settings=\"{&quot;content_width&quot;:&quot;full&quot;}\">\n\t\t\t\t<\/div>\n\t\t<div class=\"elementor-element elementor-element-5ce36c55 e-con-full e-flex e-con\" data-id=\"5ce36c55\" data-element_type=\"container\" data-settings=\"{&quot;content_width&quot;:&quot;full&quot;,&quot;background_background&quot;:&quot;classic&quot;}\">\n\t\t<div class=\"elementor-element elementor-element-4a43c256 e-con-boxed e-flex e-con\" data-id=\"4a43c256\" data-element_type=\"container\" data-settings=\"{&quot;content_width&quot;:&quot;boxed&quot;}\">\n\t\t\t\t\t<div class=\"e-con-inner\">\n\t\t\t\t<div class=\"elementor-element elementor-element-66cb96d5 elementor-widget elementor-widget-heading\" data-id=\"66cb96d5\" data-element_type=\"widget\" data-widget_type=\"heading.default\">\n\t\t\t\t<div class=\"elementor-widget-container\">\n\t\t\t<style>\/*! elementor - v3.13.2 - 11-05-2023 *\/\n.elementor-heading-title{padding:0;margin:0;line-height:1}.elementor-widget-heading .elementor-heading-title[class*=elementor-size-]>a{color:inherit;font-size:inherit;line-height:inherit}.elementor-widget-heading .elementor-heading-title.elementor-size-small{font-size:15px}.elementor-widget-heading .elementor-heading-title.elementor-size-medium{font-size:19px}.elementor-widget-heading .elementor-heading-title.elementor-size-large{font-size:29px}.elementor-widget-heading .elementor-heading-title.elementor-size-xl{font-size:39px}.elementor-widget-heading .elementor-heading-title.elementor-size-xxl{font-size:59px}<\/style><h2 class=\"elementor-heading-title elementor-size-default\"><a href=\"\/2023\/menu-neodent-caso-clinico\/\">Menu<\/a><\/h2>\t\t<\/div>\n\t\t\t\t<\/div>\n\t\t\t\t<div class=\"elementor-element elementor-element-4e120bd3 elementor-widget elementor-widget-heading\" data-id=\"4e120bd3\" data-element_type=\"widget\" data-widget_type=\"heading.default\">\n\t\t\t\t<div class=\"elementor-widget-container\">\n\t\t\t<h2 class=\"elementor-heading-title elementor-size-default\"><a href=\"\/2023\/menu-neodent-caso-clinico\/\">Neodent, Caso Cl\u00ednico<\/a><\/h2>\t\t<\/div>\n\t\t\t\t<\/div>\n\t\t\t\t\t<\/div>\n\t\t\t\t<\/div>\n\t\t<div class=\"elementor-element elementor-element-5a51914e e-con-boxed e-flex e-con\" data-id=\"5a51914e\" data-element_type=\"container\" data-settings=\"{&quot;content_width&quot;:&quot;boxed&quot;}\">\n\t\t\t\t\t<div class=\"e-con-inner\">\n\t\t\t\t<div class=\"elementor-element elementor-element-7af728ea elementor-widget elementor-widget-heading\" data-id=\"7af728ea\" data-element_type=\"widget\" data-widget_type=\"heading.default\">\n\t\t\t\t<div class=\"elementor-widget-container\">\n\t\t\t<h2 class=\"elementor-heading-title elementor-size-default\">Reconstru\u00e7\u00e3o de Pr\u00e9-Maxila atr\u00f3fica com uso de biomaterial, osso aut\u00f3geno e PRF<\/h2>\t\t<\/div>\n\t\t\t\t<\/div>\n\t\t\t\t\t<\/div>\n\t\t\t\t<\/div>\n\t\t\t\t<div class=\"elementor-element elementor-element-3be83b79 elementor-widget elementor-widget-text-editor\" data-id=\"3be83b79\" data-element_type=\"widget\" data-widget_type=\"text-editor.default\">\n\t\t\t\t<div class=\"elementor-widget-container\">\n\t\t\t<style>\/*! elementor - v3.13.2 - 11-05-2023 *\/\n.elementor-widget-text-editor.elementor-drop-cap-view-stacked .elementor-drop-cap{background-color:#69727d;color:#fff}.elementor-widget-text-editor.elementor-drop-cap-view-framed .elementor-drop-cap{color:#69727d;border:3px solid;background-color:transparent}.elementor-widget-text-editor:not(.elementor-drop-cap-view-default) .elementor-drop-cap{margin-top:8px}.elementor-widget-text-editor:not(.elementor-drop-cap-view-default) .elementor-drop-cap-letter{width:1em;height:1em}.elementor-widget-text-editor .elementor-drop-cap{float:left;text-align:center;line-height:1;font-size:50px}.elementor-widget-text-editor .elementor-drop-cap-letter{display:inline-block}<\/style>\t\t\t\t<p><span style=\"color: #e8307c;\"><strong>ID Trabalho:<\/strong> 1108893<\/span><\/p><p><strong>Autores: <\/strong>Pedro\u00a0 Pacheco\u00a0 (S\u00e3o Leopoldo mandic\u00a0 &#8211; S\u00e3o Paulo\u00a0 &#8211; SP &#8211; Brasil), Denis\u00a0 Alonso\u00a0 (Supra odontologia\u00a0 &#8211; Taubat\u00e9\u00a0 &#8211; SP &#8211; Brasil), S\u00e9rgio\u00a0 Funchal filho\u00a0 (S\u00e3o Leopoldo mandic\u00a0 &#8211; Campinas\u00a0 &#8211; SP &#8211; Brasil), Armando\u00a0 Webster\u00a0 (S\u00e3o Leopoldo mandic\u00a0 &#8211; Sapucaia do sul\u00a0 &#8211; RS &#8211; Brasil), Felipe Rudjere\u00a0 Nicoleto Caseri\u00a0 (S\u00e3o Leopoldo mandic &#8211; S\u00e3o Paulo\u00a0 &#8211; SP &#8211; Brasil), Vinicius\u00a0 Freitas\u00a0 Marcos\u00a0 (S\u00e3o Leopoldo mandic\u00a0 &#8211; Balne\u00e1rio Cambori\u00fa\u00a0 &#8211; SC &#8211; Brasil)<\/p><p><strong>Institui\u00e7\u00f5es dos autores:<\/strong> S\u00e3o Leopoldo mandic\u00a0 &#8211; Balne\u00e1rio Cambori\u00fa\u00a0 &#8211; SC &#8211; Brasil,S\u00e3o Leopoldo mandic\u00a0 &#8211; Campinas\u00a0 &#8211; SP &#8211; Brasil,S\u00e3o Leopoldo mandic\u00a0 &#8211; S\u00e3o Paulo\u00a0 &#8211; SP &#8211; Brasil,S\u00e3o Leopoldo mandic\u00a0 &#8211; Sapucaia do sul\u00a0 &#8211; RS &#8211; Brasil,S\u00e3o Leopoldo mandic &#8211; S\u00e3o Paulo\u00a0 &#8211; SP &#8211; Brasil,Supra odontologia\u00a0 &#8211; Taubat\u00e9\u00a0 &#8211; SP &#8211; Brasil<\/p><p><strong>Introdu\u00e7\u00e3o: <\/strong>Diante dos grandes desafios inerentes a reabilita\u00e7\u00e3o de pacientes portadores de atrofias teciduais, dominar diferentes t\u00e9cnicas e assim\u00a0 somar seu beneficios se mostra\u00a0 de muita valia na obten\u00e7\u00e3o de resultados positivos e condu\u00e7\u00e3o do tratamento destes casos.<\/p><p><strong>Relato de caso:<\/strong> Reabilita\u00e7\u00e3o com implantes das regi\u00f5es: 11,12,13,21,22,23.<\/p><p>\u00a0Material e m\u00e9todos:<\/p><p>&#8211; Enxertia: Osso aut\u00f3geno, biomaterial: Bio-oss,<\/p><p>&#8211; implantes: Neodent Alvim cm<\/p><p>&#8211; Componentes: Mini abutments retos Neodent<\/p><p>&#8211; Pr\u00f3tese: Estrutura em Zirconia e cer\u00e2mica noritakke<\/p><p>Coleta sanguinea e obten\u00e7\u00e3o de agregados plaquet\u00e1rios (Protocolo Fibrin), enxertia realizada com osso aut\u00f3geno (coleta regi\u00e3o do mento) e biomaterial (Bio Oss &#8211; Geistlch) na propor\u00e7\u00e3o 1:1. Ap\u00f3s 6 meses foi realizada nova tomografia e subsequente instala\u00e7\u00e3o de 4 implantes. Ap\u00f3s 3 meses reabertura e in\u00edcio do condicionamento tecidual com protese provis\u00f3ria. Conclu\u00edmos com instala\u00e7\u00e3o da pr\u00f3tese final.<\/p><p><strong>Conclus\u00e3o ou considera\u00e7\u00f5es finais:<\/strong> Por meio da RTG viabilizamos a instala\u00e7\u00e3o de 4 implantes, manuten\u00e7\u00e3o de 3 implantes e confec\u00e7\u00e3o de uma\u00a0 pr\u00f3tese fixa parafusada zirc\u00f4nio-cer\u00e2mica proporcionando fun\u00e7\u00e3o, bem-estar e devolvendo auto-estima a paciente.<\/p><p><strong>Palavras chave:<\/strong> Rog enxerto \u00f3sseo reconstru\u00e7\u00e3o tecidual<\/p>\t\t\t\t\t\t<\/div>\n\t\t\t\t<\/div>\n\t\t\t\t<div class=\"elementor-element elementor-element-28e764d4 elementor-widget elementor-widget-shortcode\" data-id=\"28e764d4\" data-element_type=\"widget\" data-widget_type=\"shortcode.default\">\n\t\t\t\t<div class=\"elementor-widget-container\">\n\t\t\t\t\t<div class=\"elementor-shortcode\"><a href=\"javascript:history.back(1)\" target=\"_self\"><img decoding=\"async\" src=\"..\/wp-content\/uploads\/2023\/05\/bot-voltar.png\" widht=\"103\" height=\"28\" border=\"0\"><\/a> <\/div>\n\t\t\t\t<\/div>\n\t\t\t\t<\/div>\n\t\t\t\t<\/div>\n\t\t<div class=\"elementor-element elementor-element-62a64a60 e-con-full e-flex e-con\" data-id=\"62a64a60\" data-element_type=\"container\" data-settings=\"{&quot;content_width&quot;:&quot;full&quot;}\">\n\t\t\t\t<\/div>\n\t\t\t\t<\/div>\n\t\t\t\t\t\t\t<\/div>\n\t\t","protected":false},"excerpt":{"rendered":"<p>Menu Neodent, Caso Cl\u00ednico Reconstru\u00e7\u00e3o de Pr\u00e9-Maxila atr\u00f3fica com uso de biomaterial, osso aut\u00f3geno e PRF ID Trabalho: 1108893 Autores: Pedro\u00a0 Pacheco\u00a0 (S\u00e3o Leopoldo mandic\u00a0 &#8211;<span class=\"excerpt-hellip\"> [\u2026]<\/span><\/p>\n","protected":false},"author":1,"featured_media":0,"parent":0,"menu_order":0,"comment_status":"closed","ping_status":"closed","template":"","meta":[],"_links":{"self":[{"href":"https:\/\/anaisneodentcongress.com.br\/2023\/wp-json\/wp\/v2\/pages\/320"}],"collection":[{"href":"https:\/\/anaisneodentcongress.com.br\/2023\/wp-json\/wp\/v2\/pages"}],"about":[{"href":"https:\/\/anaisneodentcongress.com.br\/2023\/wp-json\/wp\/v2\/types\/page"}],"author":[{"embeddable":true,"href":"https:\/\/anaisneodentcongress.com.br\/2023\/wp-json\/wp\/v2\/users\/1"}],"replies":[{"embeddable":true,"href":"https:\/\/anaisneodentcongress.com.br\/2023\/wp-json\/wp\/v2\/comments?post=320"}],"version-history":[{"count":10,"href":"https:\/\/anaisneodentcongress.com.br\/2023\/wp-json\/wp\/v2\/pages\/320\/revisions"}],"predecessor-version":[{"id":1680,"href":"https:\/\/anaisneodentcongress.com.br\/2023\/wp-json\/wp\/v2\/pages\/320\/revisions\/1680"}],"wp:attachment":[{"href":"https:\/\/anaisneodentcongress.com.br\/2023\/wp-json\/wp\/v2\/media?parent=320"}],"curies":[{"name":"wp","href":"https:\/\/api.w.org\/{rel}","templated":true}]}}