{"id":307,"date":"2023-05-11T14:48:15","date_gmt":"2023-05-11T17:48:15","guid":{"rendered":"https:\/\/anaisneodentcongress.com.br\/2023\/?page_id=307"},"modified":"2023-05-17T17:17:10","modified_gmt":"2023-05-17T20:17:10","slug":"pilar-de-zirconia-angulado-na-correcao-do-posicionamento-de-implante-ceramico-inclinado-relato-de-caso","status":"publish","type":"page","link":"https:\/\/anaisneodentcongress.com.br\/2023\/pilar-de-zirconia-angulado-na-correcao-do-posicionamento-de-implante-ceramico-inclinado-relato-de-caso\/","title":{"rendered":"Pilar de zirc\u00f4nia angulado na corre\u00e7\u00e3o do posicionamento de implante cer\u00e2mico inclinado: relato de caso"},"content":{"rendered":"\t\t<div data-elementor-type=\"wp-page\" data-elementor-id=\"307\" class=\"elementor elementor-307\">\n\t\t\t\t\t\t\t<div class=\"elementor-element elementor-element-1a92311e e-con-full e-flex e-con\" data-id=\"1a92311e\" data-element_type=\"container\" data-settings=\"{&quot;content_width&quot;:&quot;full&quot;,&quot;background_background&quot;:&quot;classic&quot;}\">\n\t\t<div class=\"elementor-element elementor-element-65439ded e-con-full e-flex e-con\" data-id=\"65439ded\" data-element_type=\"container\" data-settings=\"{&quot;content_width&quot;:&quot;full&quot;}\">\n\t\t\t\t<\/div>\n\t\t<div class=\"elementor-element elementor-element-697f640f e-con-full e-flex e-con\" data-id=\"697f640f\" data-element_type=\"container\" data-settings=\"{&quot;content_width&quot;:&quot;full&quot;,&quot;background_background&quot;:&quot;classic&quot;}\">\n\t\t<div class=\"elementor-element elementor-element-522bc5f7 e-con-boxed e-flex e-con\" data-id=\"522bc5f7\" data-element_type=\"container\" data-settings=\"{&quot;content_width&quot;:&quot;boxed&quot;}\">\n\t\t\t\t\t<div class=\"e-con-inner\">\n\t\t\t\t<div class=\"elementor-element elementor-element-69a24ad8 elementor-widget elementor-widget-heading\" data-id=\"69a24ad8\" data-element_type=\"widget\" data-widget_type=\"heading.default\">\n\t\t\t\t<div class=\"elementor-widget-container\">\n\t\t\t<style>\/*! elementor - v3.13.2 - 11-05-2023 *\/\n.elementor-heading-title{padding:0;margin:0;line-height:1}.elementor-widget-heading .elementor-heading-title[class*=elementor-size-]>a{color:inherit;font-size:inherit;line-height:inherit}.elementor-widget-heading .elementor-heading-title.elementor-size-small{font-size:15px}.elementor-widget-heading .elementor-heading-title.elementor-size-medium{font-size:19px}.elementor-widget-heading .elementor-heading-title.elementor-size-large{font-size:29px}.elementor-widget-heading .elementor-heading-title.elementor-size-xl{font-size:39px}.elementor-widget-heading .elementor-heading-title.elementor-size-xxl{font-size:59px}<\/style><h2 class=\"elementor-heading-title elementor-size-default\"><a href=\"\/2023\/menu-neodent-caso-clinico\/\">Menu<\/a><\/h2>\t\t<\/div>\n\t\t\t\t<\/div>\n\t\t\t\t<div class=\"elementor-element elementor-element-19d684e1 elementor-widget elementor-widget-heading\" data-id=\"19d684e1\" data-element_type=\"widget\" data-widget_type=\"heading.default\">\n\t\t\t\t<div class=\"elementor-widget-container\">\n\t\t\t<h2 class=\"elementor-heading-title elementor-size-default\"><a href=\"\/2023\/menu-neodent-caso-clinico\/\">Neodent, Caso Cl\u00ednico<\/a><\/h2>\t\t<\/div>\n\t\t\t\t<\/div>\n\t\t\t\t\t<\/div>\n\t\t\t\t<\/div>\n\t\t<div class=\"elementor-element elementor-element-2b9bc690 e-con-boxed e-flex e-con\" data-id=\"2b9bc690\" data-element_type=\"container\" data-settings=\"{&quot;content_width&quot;:&quot;boxed&quot;}\">\n\t\t\t\t\t<div class=\"e-con-inner\">\n\t\t\t\t<div class=\"elementor-element elementor-element-47861406 elementor-widget elementor-widget-heading\" data-id=\"47861406\" data-element_type=\"widget\" data-widget_type=\"heading.default\">\n\t\t\t\t<div class=\"elementor-widget-container\">\n\t\t\t<h2 class=\"elementor-heading-title elementor-size-default\">Pilar de zirc\u00f4nia angulado na corre\u00e7\u00e3o do posicionamento de implante cer\u00e2mico inclinado: relato de caso<\/h2>\t\t<\/div>\n\t\t\t\t<\/div>\n\t\t\t\t\t<\/div>\n\t\t\t\t<\/div>\n\t\t\t\t<div class=\"elementor-element elementor-element-76e151eb elementor-widget elementor-widget-text-editor\" data-id=\"76e151eb\" data-element_type=\"widget\" data-widget_type=\"text-editor.default\">\n\t\t\t\t<div class=\"elementor-widget-container\">\n\t\t\t<style>\/*! elementor - v3.13.2 - 11-05-2023 *\/\n.elementor-widget-text-editor.elementor-drop-cap-view-stacked .elementor-drop-cap{background-color:#69727d;color:#fff}.elementor-widget-text-editor.elementor-drop-cap-view-framed .elementor-drop-cap{color:#69727d;border:3px solid;background-color:transparent}.elementor-widget-text-editor:not(.elementor-drop-cap-view-default) .elementor-drop-cap{margin-top:8px}.elementor-widget-text-editor:not(.elementor-drop-cap-view-default) .elementor-drop-cap-letter{width:1em;height:1em}.elementor-widget-text-editor .elementor-drop-cap{float:left;text-align:center;line-height:1;font-size:50px}.elementor-widget-text-editor .elementor-drop-cap-letter{display:inline-block}<\/style>\t\t\t\t<p><span style=\"color: #e8307c;\"><strong>ID Trabalho:<\/strong> 1108820<\/span><\/p><p><strong>Autores: <\/strong>Alexandre\u00a0 Marques Paes\u00a0 Silva (UERJ &#8211; Rio de Janeiro &#8211; RJ &#8211; Brasil), Mayla\u00a0 Kezy Silva\u00a0 Teixeira\u2028 (UERJ &#8211; Rio de Janeiro &#8211; RJ &#8211; Brasil), Francisco\u00a0 Augusto Horta\u00a0 dos Santos (UVA-RJ &#8211; Rio de Janeiro &#8211; RJ &#8211; Brasil), Dennis\u00a0 de Carvalho\u00a0 Ferreira (UNESA-RJ &#8211; Rio de Janeiro &#8211; RJ &#8211; Brasil), Lissya\u00a0 Tomaz da Costa\u00a0 Gon\u00e7alves (UERJ &#8211; Rio de Janeiro &#8211; RJ &#8211; Brasil), Eduardo\u00a0 Jos\u00e9 Veras Louren\u00e7o (UVA &#8211; Rio de Janeiro &#8211; RJ &#8211; Brasil)<\/p><p><strong>Institui\u00e7\u00f5es dos autores:<\/strong> UERJ &#8211; Rio de Janeiro &#8211; RJ &#8211; Brasil,UNESA-RJ &#8211; Rio de Janeiro &#8211; RJ &#8211; Brasil,UVA &#8211; Rio de Janeiro &#8211; RJ &#8211; Brasil,UVA-RJ &#8211; Rio de Janeiro &#8211; RJ &#8211; Brasil<\/p><p><strong>Introdu\u00e7\u00e3o: <\/strong>Os implantes cer\u00e2micos de duas pe\u00e7as proporcionam maior versatilidade prot\u00e9tica, permitindo a utiliza\u00e7\u00e3o de\u00a0\u00a0 pilares angulados com o intuito de melhorar o posicionamento tridimensional do implante em \u00e1reas onde um pilar reto n\u00e3o \u00e9 indicado (CAAE: 60496822.7.0000.5259).<\/p><p><strong>Relato de caso:<\/strong> Homem, 53 anos, saud\u00e1vel, com queixa de mobilidade e dor no primeiro pr\u00e9-molar superior direito. Ao exame cl\u00ednico foi observado que o trabalho prot\u00e9tico em metalo-cer\u00e2mica estava solto e uma fratura radicular foi confirmada. Com o auxilio de uma tomografia computadorizada, o planejamento foi realizado visando inclinar o \u00e1pice do implante para a mesial, em dire\u00e7\u00e3o a raiz do canino, com objetivo de n\u00e3o invadir o seio maxilar. A exodontia foi realizada e o alv\u00e9olo curetado. A sequ\u00eancia de fresagem foi realizada de acordo com o fabricante e um implante de zirc\u00f4nia 4.3x10mm (Neodent Zi) foi instalado a n\u00edvel \u00f3sseo com torque de 35Ncm. O alv\u00e9olo foi preenchido com substituto \u00f3sseo Maxresorb\u00ae (Straumann\u00ae) e em seguida, um Pilar CR\u00a0 4,5&#215;5,0x1,5 angulado 17 graus foi instalado\u00a0 junto a uma coroa provis\u00f3ria em resina fotopolimeriz\u00e1vel que foi confeccionada e instalada sobre o mesmo.<\/p><p><strong>Conclus\u00e3o ou considera\u00e7\u00f5es finais:<\/strong> Seis meses de acompanhamento, o paciente encontra-se com a provis\u00f3ria no local, com estabilidade dos tecidos moles e duros, sem nenhuma complica\u00e7\u00e3o biol\u00f3gica. O sistema de implantes de duas pe\u00e7as cer\u00e2micos apresenta flexibilidade prot\u00e9tica que n\u00e3o \u00e9 poss\u00edvel ser alcan\u00e7ada nos implantes de corpo \u00fanico.<\/p><p><strong>Palavras chave:<\/strong> Implantes inclinados; Implantes de duas pe\u00e7as; Implantes cer\u00e2micos<\/p>\t\t\t\t\t\t<\/div>\n\t\t\t\t<\/div>\n\t\t\t\t<div class=\"elementor-element elementor-element-2888daa0 elementor-widget elementor-widget-shortcode\" data-id=\"2888daa0\" data-element_type=\"widget\" data-widget_type=\"shortcode.default\">\n\t\t\t\t<div class=\"elementor-widget-container\">\n\t\t\t\t\t<div class=\"elementor-shortcode\"><a href=\"javascript:history.back(1)\" target=\"_self\"><img decoding=\"async\" src=\"..\/wp-content\/uploads\/2023\/05\/bot-voltar.png\" widht=\"103\" height=\"28\" border=\"0\"><\/a> <\/div>\n\t\t\t\t<\/div>\n\t\t\t\t<\/div>\n\t\t\t\t<\/div>\n\t\t<div class=\"elementor-element elementor-element-18a677f9 e-con-full e-flex e-con\" data-id=\"18a677f9\" data-element_type=\"container\" data-settings=\"{&quot;content_width&quot;:&quot;full&quot;}\">\n\t\t\t\t<\/div>\n\t\t\t\t<\/div>\n\t\t\t\t\t\t\t<\/div>\n\t\t","protected":false},"excerpt":{"rendered":"<p>Menu Neodent, Caso Cl\u00ednico Pilar de zirc\u00f4nia angulado na corre\u00e7\u00e3o do posicionamento de implante cer\u00e2mico inclinado: relato de caso ID Trabalho: 1108820 Autores: Alexandre\u00a0 Marques Paes\u00a0<span class=\"excerpt-hellip\"> [\u2026]<\/span><\/p>\n","protected":false},"author":1,"featured_media":0,"parent":0,"menu_order":0,"comment_status":"closed","ping_status":"closed","template":"","meta":[],"_links":{"self":[{"href":"https:\/\/anaisneodentcongress.com.br\/2023\/wp-json\/wp\/v2\/pages\/307"}],"collection":[{"href":"https:\/\/anaisneodentcongress.com.br\/2023\/wp-json\/wp\/v2\/pages"}],"about":[{"href":"https:\/\/anaisneodentcongress.com.br\/2023\/wp-json\/wp\/v2\/types\/page"}],"author":[{"embeddable":true,"href":"https:\/\/anaisneodentcongress.com.br\/2023\/wp-json\/wp\/v2\/users\/1"}],"replies":[{"embeddable":true,"href":"https:\/\/anaisneodentcongress.com.br\/2023\/wp-json\/wp\/v2\/comments?post=307"}],"version-history":[{"count":10,"href":"https:\/\/anaisneodentcongress.com.br\/2023\/wp-json\/wp\/v2\/pages\/307\/revisions"}],"predecessor-version":[{"id":1659,"href":"https:\/\/anaisneodentcongress.com.br\/2023\/wp-json\/wp\/v2\/pages\/307\/revisions\/1659"}],"wp:attachment":[{"href":"https:\/\/anaisneodentcongress.com.br\/2023\/wp-json\/wp\/v2\/media?parent=307"}],"curies":[{"name":"wp","href":"https:\/\/api.w.org\/{rel}","templated":true}]}}