{"id":1050,"date":"2023-05-12T16:41:26","date_gmt":"2023-05-12T19:41:26","guid":{"rendered":"https:\/\/anaisneodentcongress.com.br\/2023\/?page_id=1050"},"modified":"2023-05-12T16:42:17","modified_gmt":"2023-05-12T19:42:17","slug":"reconstrucao-de-pre-maxila-atrofica-com-uso-de-biomaterial-osso-autogeno-e-prf-2","status":"publish","type":"page","link":"https:\/\/anaisneodentcongress.com.br\/2023\/reconstrucao-de-pre-maxila-atrofica-com-uso-de-biomaterial-osso-autogeno-e-prf-2\/","title":{"rendered":"Reconstru\u00e7\u00e3o de Pr\u00e9-Maxila atr\u00f3fica com uso de biomaterial, osso aut\u00f3geno e PRF"},"content":{"rendered":"\t\t<div data-elementor-type=\"wp-page\" data-elementor-id=\"1050\" class=\"elementor elementor-1050\">\n\t\t\t\t\t\t\t<div class=\"elementor-element elementor-element-13c5893c e-con-full e-flex e-con\" data-id=\"13c5893c\" data-element_type=\"container\" data-settings=\"{&quot;content_width&quot;:&quot;full&quot;,&quot;background_background&quot;:&quot;classic&quot;}\">\n\t\t<div class=\"elementor-element elementor-element-3a937463 e-con-full e-flex e-con\" data-id=\"3a937463\" data-element_type=\"container\" data-settings=\"{&quot;content_width&quot;:&quot;full&quot;}\">\n\t\t\t\t<\/div>\n\t\t<div class=\"elementor-element elementor-element-6a71b147 e-con-full e-flex e-con\" data-id=\"6a71b147\" data-element_type=\"container\" data-settings=\"{&quot;content_width&quot;:&quot;full&quot;,&quot;background_background&quot;:&quot;classic&quot;}\">\n\t\t<div class=\"elementor-element elementor-element-54c6c12b e-con-boxed e-flex e-con\" data-id=\"54c6c12b\" data-element_type=\"container\" data-settings=\"{&quot;content_width&quot;:&quot;boxed&quot;}\">\n\t\t\t\t\t<div class=\"e-con-inner\">\n\t\t\t\t<div class=\"elementor-element elementor-element-29225f2f elementor-widget elementor-widget-heading\" data-id=\"29225f2f\" data-element_type=\"widget\" data-widget_type=\"heading.default\">\n\t\t\t\t<div class=\"elementor-widget-container\">\n\t\t\t<style>\/*! elementor - v3.13.2 - 11-05-2023 *\/\n.elementor-heading-title{padding:0;margin:0;line-height:1}.elementor-widget-heading .elementor-heading-title[class*=elementor-size-]>a{color:inherit;font-size:inherit;line-height:inherit}.elementor-widget-heading .elementor-heading-title.elementor-size-small{font-size:15px}.elementor-widget-heading .elementor-heading-title.elementor-size-medium{font-size:19px}.elementor-widget-heading .elementor-heading-title.elementor-size-large{font-size:29px}.elementor-widget-heading .elementor-heading-title.elementor-size-xl{font-size:39px}.elementor-widget-heading .elementor-heading-title.elementor-size-xxl{font-size:59px}<\/style><h2 class=\"elementor-heading-title elementor-size-default\"><a href=\"\/2023\/menu-neodent-caso-clinico\/\">Menu<\/a><\/h2>\t\t<\/div>\n\t\t\t\t<\/div>\n\t\t\t\t<div class=\"elementor-element elementor-element-7820ef95 elementor-widget elementor-widget-heading\" data-id=\"7820ef95\" data-element_type=\"widget\" data-widget_type=\"heading.default\">\n\t\t\t\t<div class=\"elementor-widget-container\">\n\t\t\t<h2 class=\"elementor-heading-title elementor-size-default\"><a href=\"\/2023\/menu-neodent-caso-clinico\/\">Neodent, Caso Cl\u00ednico<\/a><\/h2>\t\t<\/div>\n\t\t\t\t<\/div>\n\t\t\t\t\t<\/div>\n\t\t\t\t<\/div>\n\t\t<div class=\"elementor-element elementor-element-3210e1bb e-con-boxed e-flex e-con\" data-id=\"3210e1bb\" data-element_type=\"container\" data-settings=\"{&quot;content_width&quot;:&quot;boxed&quot;}\">\n\t\t\t\t\t<div class=\"e-con-inner\">\n\t\t\t\t<div class=\"elementor-element elementor-element-41163e23 elementor-widget elementor-widget-heading\" data-id=\"41163e23\" data-element_type=\"widget\" data-widget_type=\"heading.default\">\n\t\t\t\t<div class=\"elementor-widget-container\">\n\t\t\t<h2 class=\"elementor-heading-title elementor-size-default\">Reconstru\u00e7\u00e3o de Pr\u00e9-Maxila atr\u00f3fica com uso de biomaterial, osso aut\u00f3geno e PRF<\/h2>\t\t<\/div>\n\t\t\t\t<\/div>\n\t\t\t\t\t<\/div>\n\t\t\t\t<\/div>\n\t\t\t\t<div class=\"elementor-element elementor-element-1808d17e elementor-widget elementor-widget-text-editor\" data-id=\"1808d17e\" data-element_type=\"widget\" data-widget_type=\"text-editor.default\">\n\t\t\t\t<div class=\"elementor-widget-container\">\n\t\t\t<style>\/*! elementor - v3.13.2 - 11-05-2023 *\/\n.elementor-widget-text-editor.elementor-drop-cap-view-stacked .elementor-drop-cap{background-color:#69727d;color:#fff}.elementor-widget-text-editor.elementor-drop-cap-view-framed .elementor-drop-cap{color:#69727d;border:3px solid;background-color:transparent}.elementor-widget-text-editor:not(.elementor-drop-cap-view-default) .elementor-drop-cap{margin-top:8px}.elementor-widget-text-editor:not(.elementor-drop-cap-view-default) .elementor-drop-cap-letter{width:1em;height:1em}.elementor-widget-text-editor .elementor-drop-cap{float:left;text-align:center;line-height:1;font-size:50px}.elementor-widget-text-editor .elementor-drop-cap-letter{display:inline-block}<\/style>\t\t\t\t<p><span style=\"color: #e8307c;\"><strong>ID Trabalho:<\/strong> 1108895<\/span><\/p><p><strong>Autores: <\/strong>Pedro Silva\u00a0 Pacheco (Sao Leopoldo Mandic &#8211; Sao Paulo &#8211; SP &#8211; Brasil), Denis Reis Alonso (Supra Odontologia &#8211; Taubat\u00e9 &#8211; SP &#8211; Brasil), S\u00e9rgio de Paula Funchal Filho (Sao Leopoldo Mandic &#8211; Campinas &#8211; SP &#8211; Brasil), Armando Beccon Webster (Sao Leopoldo Mandic &#8211; Sapucaia do Sul &#8211; RS &#8211; Brasil), Felipe Rudjere Nicoleto Caseri (Sao Leopoldo Mandic &#8211; Guarulhos &#8211; SP &#8211; Brasil), Vinicius Freitas Marcos (Sao Leopoldo Mandic &#8211; Balne\u00e1rio Cambori\u00fa &#8211; SC &#8211; Brasil)<\/p><p><strong>Institui\u00e7\u00f5es dos autores:<\/strong> Sao Leopoldo Mandic &#8211; Balne\u00e1rio Cambori\u00fa &#8211; SC &#8211; Brasil,Sao Leopoldo Mandic &#8211; Campinas &#8211; SP &#8211; Brasil,Sao Leopoldo Mandic &#8211; Guarulhos &#8211; SP &#8211; Brasil,Sao Leopoldo Mandic &#8211; Sao Paulo &#8211; SP &#8211; Brasil,Sao Leopoldo Mandic &#8211; Sapucaia do Sul &#8211; RS &#8211; Brasil,Supra Odontologia &#8211; Taubat\u00e9 &#8211; SP &#8211; Brasil<\/p><p><strong>Introdu\u00e7\u00e3o: <\/strong>Diante dos grandes desafios inerentes a reabilita\u00e7\u00e3o de pacientes portadores de atrofias teciduais, dominar diferentes t\u00e9cnicas e assim\u00a0 somar seu benef\u00edcios se mostra\u00a0 valioso na obten\u00e7\u00e3o de resultados positivos e condu\u00e7\u00e3o do tratamento destes casos.<\/p><p><strong>Relato do caso: <\/strong>Paciente DMG, 38 anos, teve seus dentes (13 ao 23) extra\u00eddos\u00a0 quando tinha 15 anos de idade. &#8221;Sonhava&#8221; em ter dentes fixos. Realizamos o tratamento em 3 est\u00e1gios: 1) Coleta sanguinea e obten\u00e7\u00e3o de agregados plaquet\u00e1rios (Protocolo Fibrin), enxertia realizada com osso aut\u00f3geno (coleta regi\u00e3o do mento) e biomaterial (Bio Oss &#8211; Geistlch) na propor\u00e7\u00e3o 1:1; 2) Ap\u00f3s 7 meses (desde o enxerto) foi realizada nova tomografia e subsequente instala\u00e7\u00e3o de 4 implantes; 3) Na Etapa final realizamos: Reabertura, condicionamento tecidual com provis\u00f3ria e finaliza\u00e7\u00e3o com pr\u00f3tese fixa Zi-Cer\u00e4mica.<\/p><p><strong>Conclus\u00e3o ou considera\u00e7\u00f5es finais: <\/strong>Atrav\u00e9s da RTG foi poss\u00edvel a instala\u00e7\u00e3o e manuten\u00e7\u00e3o de 3 implantes que receberam\u00a0 pr\u00f3tese fixa zirc\u00f4nio-cer\u00e2mica.<\/p><p>Fun\u00e7\u00e3o, bem-estar e auto-estima foram devolvido a paciente que almejava veementemente ter seu dentes fixos.<\/p><p><strong>Discuss\u00e3o e conclus\u00f5es: <\/strong>Entendemos que este tipo de tratamento possui potencial de promover impacto muito positivo que vai muito al\u00e9m dos dentes, os relatos da paciente tratada no caso exposto foram de novo semblante, alegria e satisfa\u00e7\u00e3o. Assim como essa paciente muitos outros relatam terem tentado realizar este tipo de tratamento e foram desencorajados por profissionais entendendo a limita\u00e7\u00e3o de tecido como restritiva ao tratamento com implantes. Entender as t\u00e9cnicas de reconstru\u00e7\u00e3o tecidual abre um leque poderoso para tratamento de pacientes.<\/p><p><strong>Palavras chave: <\/strong>ROG, RTG, Atresia maxilar, Implantes em \u00e1rea est\u00e9tica, Prf, osso aut\u00f3geno<\/p>\t\t\t\t\t\t<\/div>\n\t\t\t\t<\/div>\n\t\t\t\t<div class=\"elementor-element elementor-element-43fa4ba2 elementor-widget elementor-widget-shortcode\" data-id=\"43fa4ba2\" data-element_type=\"widget\" data-widget_type=\"shortcode.default\">\n\t\t\t\t<div class=\"elementor-widget-container\">\n\t\t\t\t\t<div class=\"elementor-shortcode\"><a href=\"javascript:history.back(1)\" target=\"_self\"><img decoding=\"async\" src=\"..\/wp-content\/uploads\/2023\/05\/bot-voltar.png\" widht=\"103\" height=\"28\" border=\"0\"><\/a> <\/div>\n\t\t\t\t<\/div>\n\t\t\t\t<\/div>\n\t\t\t\t<\/div>\n\t\t<div class=\"elementor-element elementor-element-3e9cf9ae e-con-full e-flex e-con\" data-id=\"3e9cf9ae\" data-element_type=\"container\" data-settings=\"{&quot;content_width&quot;:&quot;full&quot;}\">\n\t\t\t\t<\/div>\n\t\t\t\t<\/div>\n\t\t\t\t\t\t\t<\/div>\n\t\t","protected":false},"excerpt":{"rendered":"<p>Menu Neodent, Caso Cl\u00ednico Reconstru\u00e7\u00e3o de Pr\u00e9-Maxila atr\u00f3fica com uso de biomaterial, osso aut\u00f3geno e PRF ID Trabalho: 1108895 Autores: Pedro Silva\u00a0 Pacheco (Sao Leopoldo Mandic<span class=\"excerpt-hellip\"> [\u2026]<\/span><\/p>\n","protected":false},"author":1,"featured_media":0,"parent":0,"menu_order":0,"comment_status":"closed","ping_status":"closed","template":"","meta":[],"_links":{"self":[{"href":"https:\/\/anaisneodentcongress.com.br\/2023\/wp-json\/wp\/v2\/pages\/1050"}],"collection":[{"href":"https:\/\/anaisneodentcongress.com.br\/2023\/wp-json\/wp\/v2\/pages"}],"about":[{"href":"https:\/\/anaisneodentcongress.com.br\/2023\/wp-json\/wp\/v2\/types\/page"}],"author":[{"embeddable":true,"href":"https:\/\/anaisneodentcongress.com.br\/2023\/wp-json\/wp\/v2\/users\/1"}],"replies":[{"embeddable":true,"href":"https:\/\/anaisneodentcongress.com.br\/2023\/wp-json\/wp\/v2\/comments?post=1050"}],"version-history":[{"count":4,"href":"https:\/\/anaisneodentcongress.com.br\/2023\/wp-json\/wp\/v2\/pages\/1050\/revisions"}],"predecessor-version":[{"id":1055,"href":"https:\/\/anaisneodentcongress.com.br\/2023\/wp-json\/wp\/v2\/pages\/1050\/revisions\/1055"}],"wp:attachment":[{"href":"https:\/\/anaisneodentcongress.com.br\/2023\/wp-json\/wp\/v2\/media?parent=1050"}],"curies":[{"name":"wp","href":"https:\/\/api.w.org\/{rel}","templated":true}]}}